{"id":8961,"date":"2026-05-31T12:54:40","date_gmt":"2026-05-31T09:54:40","guid":{"rendered":""},"modified":"2026-06-03T20:49:54","modified_gmt":"2026-06-03T17:49:54","slug":"macqueen-new-york-daily-sun-cream-matt-finish-spf50-pa-50g","status":"publish","type":"product","link":"https:\/\/jeju.md\/ro\/catalog\/altele\/bestseller\/macqueen-new-york-daily-sun-cream-matt-finish-spf50-pa-50g\/","title":{"rendered":"MacQueen New York Daily Sun Cream Matt Finish SPF50+ PA+++ 50g"},"content":{"rendered":"\n<p class=\"wp-block-paragraph\"><strong><a href=\"\/ro\/catalog\/ingrijire-fata\/crema-fata\/macqueen-new-york-daily-sun-cream-matt-finish-spf50-pa-50g\/\" title=\"\">Macqueen New York Daily Sun Cream Matt Finish<\/a> <\/strong>crem\u0103 multifunc\u021bional\u0103 cu protec\u021bie solar\u0103 SPF50+ PA+++ cu efect de matifiere, luminare \u0219i anti-rid. Este un produs recomandat ca baz\u0103 pentru machiaj \u0219i \u00eenlocuitor pentru primer. Potrivit pentru ten gras cu exces de sebum sau combinat. Protejeaz\u0103 de razele UV asigur\u00e2nd un aspect natural s\u0103n\u0103tos tenului tern.<\/p>\n\n\n\n<p class=\"wp-block-paragraph\"><\/p>\n\n\n\n<figure class=\"wp-block-image aligncenter size-full is-resized\"><img decoding=\"async\" src=\"\/wp-content\/uploads\/2022\/09\/macqueen-new-york-daily-sun-cream-matt-finish-spf50-pa-50g-desc-1-2.png\" alt=\"\" class=\"wp-image-24074\" style=\"width:459px;height:auto\"\/><\/figure>\n\n\n\n<p class=\"wp-block-paragraph\"><strong>Ingrediente <\/strong><\/p>\n\n\n\n<div class=\"wp-block-group has-global-padding is-layout-constrained wp-block-group-is-layout-constrained\">\n<p class=\"wp-block-paragraph\">Extract de frunze de Camellia sinensis  umidific\u0103 pielea \u0219i diminuiaz\u0103 porii.<\/p>\n\n\n\n<p class=\"wp-block-paragraph\">Planta cameleon \u021bine sub control secre\u021bia de sebum.<\/p>\n\n\n\n<p class=\"wp-block-paragraph\">Centella Asiatica hidrateaz\u0103 \u0219i previne apari\u021bia petelor pigmentare.<\/p>\n\n\n\n<p class=\"wp-block-paragraph\">Extract e scoar\u021b\u0103 de salcie hidrateaz\u0103 \u0219i men\u021bine umiditatea \u00een piele.<\/p>\n\n\n\n<p class=\"wp-block-paragraph\">Extract de castan minimizeaz\u0103 porii dilata\u021bi.<\/p>\n<\/div>\n\n\n\n<p class=\"wp-block-paragraph\"><strong><a href=\"\/ro\/produse-cosmetice-cu-acid-hialuronic\/\" target=\"_blank\" rel=\"noopener\" title=\"\">Acid hialuronic<\/a><\/strong>, extract de flori de matricaria, extract de r\u0103d\u0103cin\u0103 de lemn dulce, extract de r\u0103d\u0103cin\u0103 de polygonum cuspidatum, extract de frunze de rozmarin pentru hidratare, calmare \u0219i prevenirea irita\u021biilor.<\/p>\n\n\n\n<p class=\"wp-block-paragraph\"><\/p>\n\n\n\n<figure class=\"wp-block-image aligncenter size-full is-resized\"><img decoding=\"async\" src=\"\/wp-content\/uploads\/2022\/09\/macqueen-new-york-daily-sun-cream-matt-finish-spf50-pa-50g-desc-2-2.png\" alt=\"spf matt finish\" class=\"wp-image-24081\" style=\"width:440px;height:auto\"\/><\/figure>\n\n\n\n<p class=\"wp-block-paragraph\"><\/p>\n\n\n\n<p class=\"wp-block-paragraph\"><strong>Mod de aplicare<\/strong><\/p>\n\n\n\n<p class=\"wp-block-paragraph\">Se aplic\u0103 pe pielea curat\u0103 dup\u0103 ultima etap\u0103 de \u00eengrijire, \u00eenaine de machiaj. Pentru o protec\u021bie solar\u0103 eficient\u0103 aplica\u021bi cu 20 minute \u00eenainte de expunerea la razele de soare.<\/p>\n\n\n\n<p class=\"wp-block-paragraph\"><\/p>\n\n\n\n<figure class=\"wp-block-image size-full\"><img decoding=\"async\" src=\"\/wp-content\/uploads\/2022\/09\/macqueen-new-york-daily-sun-cream-matt-finish-spf50-pa-50g-desc-3-2.png\" alt=\"\" class=\"wp-image-24087\"\/><\/figure>\n\n\n\n<p class=\"wp-block-paragraph\"><strong>Coreea 50g<\/strong><\/p>\n","protected":false},"excerpt":{"rendered":"<h5>crem\u0103 multifunc\u021bional\u0103 cu protec\u021bie solar\u0103 SPF50+ cu efect de matifiere, ideal \u00eenlocuie\u0219te baza sub machiaj, are efect anti-rid.<\/h5>\n","protected":false},"featured_media":209729,"template":"","meta":{"_acf_changed":false},"product_brand":[676],"product_cat":[540,549,568,544,561,572,543,556,541],"product_tag":[],"class_list":["post-8961","product","type-product","status-publish","has-post-thumbnail","product_brand-macqueen-new-york","product_cat-bestseller","product_cat-crema-si-lotiune","product_cat-fond-de-ten-si-bb-cream","product_cat-ingrijire-fata","product_cat-make-up","product_cat-nou","product_cat-oferte","product_cat-protectie-solara-spf","product_cat-tratament-specific","first","outofstock","sale","shipping-taxable","purchasable","product-type-simple"],"acf":[],"tiered_pricing_type":"fixed","tiered_pricing_fixed_rules":[],"tiered_pricing_product_settings":{"layout":"default","base_unit_name":{"singular":null,"plural":null},"default_variation":null},"tiered_pricing_minimum_quantity":null,"tiered_pricing_roles_data":[],"tiered_pricing_percentage_rules":[],"tiered_pricing_maximum_quantity":null,"tiered_pricing_quantity_step":null,"_links":{"self":[{"href":"https:\/\/jeju.md\/ro\/wp-json\/wp\/v2\/product\/8961","targetHints":{"allow":["GET"]}}],"collection":[{"href":"https:\/\/jeju.md\/ro\/wp-json\/wp\/v2\/product"}],"about":[{"href":"https:\/\/jeju.md\/ro\/wp-json\/wp\/v2\/types\/product"}],"wp:featuredmedia":[{"embeddable":true,"href":"https:\/\/jeju.md\/ro\/wp-json\/wp\/v2\/media\/209729"}],"wp:attachment":[{"href":"https:\/\/jeju.md\/ro\/wp-json\/wp\/v2\/media?parent=8961"}],"wp:term":[{"taxonomy":"product_brand","embeddable":true,"href":"https:\/\/jeju.md\/ro\/wp-json\/wp\/v2\/product_brand?post=8961"},{"taxonomy":"product_cat","embeddable":true,"href":"https:\/\/jeju.md\/ro\/wp-json\/wp\/v2\/product_cat?post=8961"},{"taxonomy":"product_tag","embeddable":true,"href":"https:\/\/jeju.md\/ro\/wp-json\/wp\/v2\/product_tag?post=8961"}],"curies":[{"name":"wp","href":"https:\/\/api.w.org\/{rel}","templated":true}]}}