{"id":8361,"date":"2026-05-31T12:54:40","date_gmt":"2026-05-31T09:54:40","guid":{"rendered":""},"modified":"2026-06-03T20:49:42","modified_gmt":"2026-06-03T17:49:42","slug":"lebelage-high-protection-long-lasting-sun-cream-spf50-pa-30ml","status":"publish","type":"product","link":"https:\/\/jeju.md\/ro\/catalog\/ingrijire-fata\/protectie-solara-spf\/lebelage-high-protection-long-lasting-sun-cream-spf50-pa-30ml\/","title":{"rendered":"LEBELAGE High Protection Long Lasting Sun Cream SPF50+\/PA++ 30ml"},"content":{"rendered":"\n<p class=\"wp-block-paragraph\"><strong><a href=\"\/ro\/catalog\/ingrijire-fata\/crema-fata\/lebelage-high-protection-long-lasting-sun-cream-spf50-pa-30ml\/\" title=\"\">LEBELAGE High Protection Long Lasting Sun Cream SPF50+\/PA++<\/a><\/strong> este o crema cu protec\u021bie solar\u0103 de lung\u0103 durat\u0103. Con\u021bine filtre minerale \u0219i organice care protejeaz\u0103 foarte sigur pielea de toate tipurile de raze solare d\u0103un\u0103toare, men\u021bin\u00e2nd pielea t\u00e2n\u0103r\u0103 \u0219i prevenind apari\u021bia pigment\u0103rii \u0219i fotodeterior\u0103rii. <\/p>\n\n\n\n<p class=\"wp-block-paragraph\"><\/p>\n\n\n\n<figure class=\"wp-block-image aligncenter size-large is-resized\"><img fetchpriority=\"high\" decoding=\"async\" src=\"\/wp-content\/uploads\/2022\/06\/lebelage-high-protection-long-lasting-sun-cream-spf50-pa-30ml-desc-1-2.jpg\" alt=\"\" class=\"wp-image-8357\" style=\"width:655px;height:655px\" width=\"655\" height=\"655\"\/><\/figure>\n\n\n\n<p class=\"wp-block-paragraph\"><\/p>\n\n\n\n<p class=\"wp-block-paragraph\">Extractele de rozmarin, dud \u0219i aloe sunt antioxidan\u021bi puternici, tonific\u0103 pielea, \u00eemprosp\u0103teaz\u0103, au efect antiinflamator \u0219i amelioreaz\u0103 irita\u021bia. Crema este impermeabila, rezistenta la apa si transpiratie, hidrateaza pielea si mentine o senzatie de prospetime timp indelungat. Potrivit pentru toate tipurile de piele.<\/p>\n\n\n\n<p class=\"wp-block-paragraph\"><strong> Mod de aplicare<\/strong><br>Aplica\u021bi pe piele ca ultimul pas al \u00eengrijirii cu 15-20 de minute \u00eenainte de a ie\u0219i afar\u0103, la soare activ, re\u00eennoi\u021bi produsul la fiecare 2 ore.<\/p>\n\n\n\n<p class=\"wp-block-paragraph\"> <strong>Corea 30ml<\/strong><\/p>\n","protected":false},"excerpt":{"rendered":"<p><strong>crem\u0103 fin\u0103 cu protec\u021bie solar\u0103 SPF 50 PA+++ de lung\u0103 durat\u0103, se absoarbe u\u0219or, nu creaz\u0103 discomfort.<\/strong><\/p>\n","protected":false},"featured_media":209591,"template":"","meta":{"_acf_changed":false},"product_brand":[667],"product_cat":[549,544,556],"product_tag":[],"class_list":["post-8361","product","type-product","status-publish","has-post-thumbnail","product_brand-lebelage","product_cat-crema-si-lotiune","product_cat-ingrijire-fata","product_cat-protectie-solara-spf","first","outofstock","sale","shipping-taxable","purchasable","product-type-simple"],"acf":[],"tiered_pricing_type":"fixed","tiered_pricing_fixed_rules":[],"tiered_pricing_product_settings":{"layout":"default","base_unit_name":{"singular":null,"plural":null},"default_variation":null},"tiered_pricing_minimum_quantity":null,"tiered_pricing_roles_data":[],"tiered_pricing_percentage_rules":[],"tiered_pricing_maximum_quantity":null,"tiered_pricing_quantity_step":null,"_links":{"self":[{"href":"https:\/\/jeju.md\/ro\/wp-json\/wp\/v2\/product\/8361","targetHints":{"allow":["GET"]}}],"collection":[{"href":"https:\/\/jeju.md\/ro\/wp-json\/wp\/v2\/product"}],"about":[{"href":"https:\/\/jeju.md\/ro\/wp-json\/wp\/v2\/types\/product"}],"wp:featuredmedia":[{"embeddable":true,"href":"https:\/\/jeju.md\/ro\/wp-json\/wp\/v2\/media\/209591"}],"wp:attachment":[{"href":"https:\/\/jeju.md\/ro\/wp-json\/wp\/v2\/media?parent=8361"}],"wp:term":[{"taxonomy":"product_brand","embeddable":true,"href":"https:\/\/jeju.md\/ro\/wp-json\/wp\/v2\/product_brand?post=8361"},{"taxonomy":"product_cat","embeddable":true,"href":"https:\/\/jeju.md\/ro\/wp-json\/wp\/v2\/product_cat?post=8361"},{"taxonomy":"product_tag","embeddable":true,"href":"https:\/\/jeju.md\/ro\/wp-json\/wp\/v2\/product_tag?post=8361"}],"curies":[{"name":"wp","href":"https:\/\/api.w.org\/{rel}","templated":true}]}}