{"id":5043,"date":"2026-05-31T12:54:39","date_gmt":"2026-05-31T09:54:39","guid":{"rendered":""},"modified":"2026-06-03T20:49:00","modified_gmt":"2026-06-03T17:49:00","slug":"mediheal-placenta-revital-essential-mask-ex","status":"publish","type":"product","link":"https:\/\/jeju.md\/ro\/catalog\/altele\/bestseller\/mediheal-placenta-revital-essential-mask-ex\/","title":{"rendered":"Mediheal Placenta Revital Essential Mask EX"},"content":{"rendered":"\n<p class=\"wp-block-paragraph\"><strong><a href=\"\/ro\/catalog\/masti-fata\/masca-pe-sheet-mask\/mediheal-placenta-revital-essential-mask-ex\/\" title=\"\">Mediheal Placenta Revital Essential Mask EX<\/a><\/strong> masc\u0103 pentru restabilirea, revitalizarea \u0219i \u00eent\u0103rirea imunit\u0103\u021bii pielii. Masca hidrateaz\u0103, hr\u0103ne\u0219te \u0219i \u00eendep\u0103rteaz\u0103 descuamarea, \u00eembun\u0103t\u0103\u021be\u0219te elasticitatea pielii, \u00eencetine\u0219te procesul de \u00eemb\u0103tr\u00e2nire, ajut\u0103 la netezirea ridurilor, \u00eembun\u0103t\u0103\u021be\u0219te drenajul limfatic. Se potrive\u0219te tuturor tipurilor de piele, inclusiv sensibil\u0103.<\/p>\n\n\n\n<p class=\"wp-block-paragraph\"><\/p>\n\n\n\n<figure class=\"wp-block-image aligncenter size-large is-resized\"><img fetchpriority=\"high\" decoding=\"async\" src=\"\/wp-content\/uploads\/2021\/02\/mediheal-placenta-revital-essential-mask-ex-desc-1-2.jpeg\" alt=\"\" class=\"wp-image-4931\" style=\"width:516px;height:499px\" width=\"516\" height=\"499\"\/><\/figure>\n\n\n\n<p class=\"wp-block-paragraph\"><\/p>\n\n\n\n<p class=\"wp-block-paragraph\">Extractul de placent\u0103 hidrolizat\u00a0este un complex biologic care con\u021bine factori de cre\u0219tere a proteinelor, enzime, aminoacizi esen\u021biali, vitamine, oligoelemente etc., care hidrateaz\u0103 \u0219i \u00eenmoaie perfect pielea, \u00eembun\u0103t\u0103\u021besc microrelieful, au efect de lifting.<\/p>\n\n\n\n<p class=\"wp-block-paragraph\">Chitosanul hidrolizat\u00a0&#8211; este un hidratant puternic. \u00cen plus, promoveaz\u0103 re\u00eennoirea celular\u0103 \u0219i repararea \u021besuturilor, \u00eembun\u0103t\u0103\u021be\u0219te penetrarea ingredientelor active \u00een straturile profunde ale pielii.<\/p>\n\n\n\n<p class=\"wp-block-paragraph\">Colagen hidrolizat\u00a0&#8211; \u00eembun\u0103t\u0103\u021be\u0219te starea general\u0103 a pielii,\u00a0neteze\u0219te \u0219i uniformizeaz\u0103, o face ferm\u0103 \u0219i elastic\u0103, \u00eendep\u0103rteaz\u0103 ridurile fine \u0219i re\u00eemprosp\u0103teaz\u0103. Are un efect de vindecare \u0219i calmare a r\u0103nilor, re\u021bine umezeala \u00een straturile profunde ale pielii.<\/p>\n\n\n\n<p class=\"wp-block-paragraph\"><strong>Ce ob\u021bii:<\/strong><\/p>\n\n\n\n<p class=\"wp-block-paragraph\">&#8211; hidratare \u0219i hr\u0103nire<\/p>\n\n\n\n<p class=\"wp-block-paragraph\">&#8211; elasticitate \u0219i fermitate<\/p>\n\n\n\n<p class=\"wp-block-paragraph\">&#8211; luminozitate<\/p>\n\n\n\n<p class=\"wp-block-paragraph\">&#8211; efect anti-rid<\/p>\n\n\n\n<p class=\"wp-block-paragraph\">&#8211; calmare \u0219i vindecare<\/p>\n\n\n\n<p class=\"wp-block-paragraph\"><strong>Mod de utilizare:<\/strong><\/p>\n\n\n\n<p class=\"wp-block-paragraph\">1. Aplica\u021bi masca pe fa\u021b\u0103, preventiv hidratat\u0103 cu toner.<\/p>\n\n\n\n<p class=\"wp-block-paragraph\">2. L\u0103sa\u021bi pentru timpul indicat pe ambalaj.<\/p>\n\n\n\n<p class=\"wp-block-paragraph\">3. \u00cenl\u0103tura\u021bi masca, resturile esen\u021bei tapa\u021bi u\u0219or sau masa\u021bi p\u00e2n\u0103 la absorb\u021bia final\u0103.<\/p>\n\n\n\n<p class=\"wp-block-paragraph\">4. Aplica\u021bi crem\u0103.<\/p>\n\n\n\n<p class=\"wp-block-paragraph\"><strong>&nbsp;Coreea (24 ml)<\/strong><\/p>\n","protected":false},"excerpt":{"rendered":"<p>este o masc\u0103 pentru a restabilirea, revitalizarea \u0219i \u00eent\u0103rirea imunit\u0103\u021bii pielii. Masca hidrateaz\u0103, hr\u0103ne\u0219te \u0219i \u00eembun\u0103t\u0103\u021be\u0219te elasticitatea pielii, \u00eencetine\u0219te procesul de \u00eemb\u0103tr\u00e2nire, ajut\u0103 la netezirea ridurilor, \u00eembun\u0103t\u0103\u021be\u0219te drenajul limfatic. Se potrive\u0219te tuturor tipurilor de piele, inclusiv sensibil\u0103.<\/p>\n","protected":false},"featured_media":209077,"template":"","meta":{"_acf_changed":false},"product_brand":[644],"product_cat":[540,542],"product_tag":[],"class_list":["post-5043","product","type-product","status-publish","has-post-thumbnail","product_brand-mediheal","product_cat-bestseller","product_cat-masti-pentru-fata","first","outofstock","shipping-taxable","purchasable","product-type-simple"],"acf":[],"tiered_pricing_type":"fixed","tiered_pricing_fixed_rules":[],"tiered_pricing_product_settings":{"layout":"default","base_unit_name":{"singular":null,"plural":null},"default_variation":null},"tiered_pricing_minimum_quantity":null,"tiered_pricing_roles_data":[],"tiered_pricing_percentage_rules":[],"tiered_pricing_maximum_quantity":null,"tiered_pricing_quantity_step":null,"_links":{"self":[{"href":"https:\/\/jeju.md\/ro\/wp-json\/wp\/v2\/product\/5043","targetHints":{"allow":["GET"]}}],"collection":[{"href":"https:\/\/jeju.md\/ro\/wp-json\/wp\/v2\/product"}],"about":[{"href":"https:\/\/jeju.md\/ro\/wp-json\/wp\/v2\/types\/product"}],"wp:featuredmedia":[{"embeddable":true,"href":"https:\/\/jeju.md\/ro\/wp-json\/wp\/v2\/media\/209077"}],"wp:attachment":[{"href":"https:\/\/jeju.md\/ro\/wp-json\/wp\/v2\/media?parent=5043"}],"wp:term":[{"taxonomy":"product_brand","embeddable":true,"href":"https:\/\/jeju.md\/ro\/wp-json\/wp\/v2\/product_brand?post=5043"},{"taxonomy":"product_cat","embeddable":true,"href":"https:\/\/jeju.md\/ro\/wp-json\/wp\/v2\/product_cat?post=5043"},{"taxonomy":"product_tag","embeddable":true,"href":"https:\/\/jeju.md\/ro\/wp-json\/wp\/v2\/product_tag?post=5043"}],"curies":[{"name":"wp","href":"https:\/\/api.w.org\/{rel}","templated":true}]}}