{"id":5032,"date":"2026-05-31T12:54:39","date_gmt":"2026-05-31T09:54:39","guid":{"rendered":""},"modified":"2026-06-03T20:48:58","modified_gmt":"2026-06-03T17:48:58","slug":"innisfree-intensive-triple-shield-sunscreen-spf-50-pa","status":"publish","type":"product","link":"https:\/\/jeju.md\/ro\/catalog\/altele\/bestseller\/innisfree-intensive-triple-shield-sunscreen-spf-50-pa\/","title":{"rendered":"Innisfree Intensive Triple Shield Sunscreen SPF 50+ PA++++"},"content":{"rendered":"<p><span style=\"font-weight: 400\">Protec\u021bie solar\u0103&nbsp; \u00eembog\u0103\u021bita cu ulei de floarea soarelui \u0219i extracte de ceai verde de Jeju, aceast\u0103 protec\u021bie solar\u0103 men\u021bine pielea s\u0103n\u0103toas\u0103 \u0219i hidratat\u0103, ajut\u0103 la controlul produc\u021biei de sebum, pe durata \u00eentregii zile. Propriet\u0103\u021bile sale anti-\u00eemb\u0103tr\u00e2nire ofer\u0103 elasticitate \u0219i fermitate pielii. Se potrive\u0219te tenului uscat, combinat, normal, inclusiv sensibil.<\/span><\/p>\n<p><span style=\"font-weight: 400\">&nbsp;Beneficii:<\/span><\/p>\n<p><span style=\"font-weight: 400\">&#8211; protec\u021bie solar\u0103<\/span><\/p>\n<p><span style=\"font-weight: 400\">&#8211; reglarea excesului de sebum<\/span><\/p>\n<p><span style=\"font-weight: 400\">&#8211; hidratare \u0219i elasticitate<\/span><\/p>\n<p><span style=\"font-weight: 400\">&nbsp;Mod de utilizare: <\/span>Aplica\u021bi pe fa\u021b\u0103 o cantitate suficient\u0103, cu 20-30 minute \u00eenainte s\u0103 v\u0103 expune\u021bi la soare. Re\u00eennoi\u021bi&nbsp; o dat\u0103 la 2-3 ore, aflate la soare. Utiliza\u021bi doar pe timp de zi.<\/p>\n<p><strong>Coreea (50ml)<\/strong><\/p>\n","protected":false},"excerpt":{"rendered":"<p><span style=\"font-weight: 400;\">Protec\u021bie solar\u0103\u00a0 \u00eembog\u0103\u021bita cu ulei de floarea soarelui \u0219i extracte de ceai verde de Jeju, aceast\u0103 protec\u021bie solar\u0103 men\u021bine pielea s\u0103n\u0103toas\u0103 \u0219i hidratat\u0103, ajut\u0103 la controlul produc\u021biei de sebum, pe durata \u00eentregii zile. Propriet\u0103\u021bile sale anti-\u00eemb\u0103tr\u00e2nire ofer\u0103 elasticitate \u0219i fermitate pielii. Se potrive\u0219te tenului uscat, combinat, normal, inclusiv sensibil.<\/span><\/p>\n","protected":false},"featured_media":204177,"template":"","meta":{"_acf_changed":false},"product_brand":[630],"product_cat":[540,549,556],"product_tag":[],"class_list":["post-5032","product","type-product","status-publish","has-post-thumbnail","product_brand-innisfree","product_cat-bestseller","product_cat-crema-si-lotiune","product_cat-protectie-solara-spf","first","outofstock","sale","shipping-taxable","purchasable","product-type-simple"],"acf":[],"tiered_pricing_type":"fixed","tiered_pricing_fixed_rules":[],"tiered_pricing_product_settings":{"layout":"default","base_unit_name":{"singular":null,"plural":null},"default_variation":null},"tiered_pricing_minimum_quantity":null,"tiered_pricing_roles_data":[],"tiered_pricing_percentage_rules":[],"tiered_pricing_maximum_quantity":null,"tiered_pricing_quantity_step":null,"_links":{"self":[{"href":"https:\/\/jeju.md\/ro\/wp-json\/wp\/v2\/product\/5032","targetHints":{"allow":["GET"]}}],"collection":[{"href":"https:\/\/jeju.md\/ro\/wp-json\/wp\/v2\/product"}],"about":[{"href":"https:\/\/jeju.md\/ro\/wp-json\/wp\/v2\/types\/product"}],"wp:featuredmedia":[{"embeddable":true,"href":"https:\/\/jeju.md\/ro\/wp-json\/wp\/v2\/media\/204177"}],"wp:attachment":[{"href":"https:\/\/jeju.md\/ro\/wp-json\/wp\/v2\/media?parent=5032"}],"wp:term":[{"taxonomy":"product_brand","embeddable":true,"href":"https:\/\/jeju.md\/ro\/wp-json\/wp\/v2\/product_brand?post=5032"},{"taxonomy":"product_cat","embeddable":true,"href":"https:\/\/jeju.md\/ro\/wp-json\/wp\/v2\/product_cat?post=5032"},{"taxonomy":"product_tag","embeddable":true,"href":"https:\/\/jeju.md\/ro\/wp-json\/wp\/v2\/product_tag?post=5032"}],"curies":[{"name":"wp","href":"https:\/\/api.w.org\/{rel}","templated":true}]}}